{"id":2251,"date":"2024-05-26T10:34:54","date_gmt":"2024-05-26T09:34:54","guid":{"rendered":"https:\/\/www.autoskolakristan.cz\/?page_id=2251"},"modified":"2024-05-26T11:04:13","modified_gmt":"2024-05-26T10:04:13","slug":"autobus","status":"publish","type":"page","link":"https:\/\/www.autoskolakristan.cz\/cz\/kladno\/autobus\/","title":{"rendered":"Autobus"},"content":{"rendered":"\n\n\t\t<h1>\n\t\t\tAUTOBUS\n\t\t\t\t\t\t\t\t\t\t\tKLADNO\n\t\t<\/h1>\n\t\t\t<p>Nen\u00ed auto\u0161kola jako auto\u0161kola<\/p>\t\t\n<h4>\n\t\t\u0158IDI\u010cSK\u00dd PR\u016eKAZ SKUPINY D\n\t<\/h4>\n<h2>\n\t\tAutobus\n\t<\/h2>\n\t<p>\u0158idi\u010dsk\u00fd pr\u016fkaz skupiny D oprav\u0148uje k \u0159\u00edzen\u00ed motorov\u00fdch vozidel pro p\u0159epravu osob, kter\u00e1 maj\u00ed v\u00edce ne\u017e 8 m\u00edst k sezen\u00ed, krom\u011b m\u00edsta \u0159idi\u010de.<\/p>\n<p>K tomuto motorov\u00e9mu vozidlu sm\u00ed b\u00fdt p\u0159ipojeno p\u0159\u00edpojn\u00e9 vozidlo, jeho\u017e maxim\u00e1ln\u00ed p\u0159\u00edpustn\u00e1 hmotnost nep\u0159evy\u0161uje 750 kg.<\/p>\n\t\t\t\t\t\t\t\t\t<img decoding=\"async\" src=\"http:\/\/www.autoskolakristan.cz\/wp-content\/uploads\/2021\/07\/IMG_4116-1-scaled.jpg\" alt=\"IMG_4116\" itemprop=\"image\" srcset=\"https:\/\/www.autoskolakristan.cz\/wp-content\/uploads\/2021\/07\/IMG_4116-1-scaled.jpg 2560w, https:\/\/www.autoskolakristan.cz\/wp-content\/uploads\/2021\/07\/IMG_4116-1-300x200.jpg 300w, https:\/\/www.autoskolakristan.cz\/wp-content\/uploads\/2021\/07\/IMG_4116-1-1024x683.jpg 1024w, https:\/\/www.autoskolakristan.cz\/wp-content\/uploads\/2021\/07\/IMG_4116-1-768x512.jpg 768w, https:\/\/www.autoskolakristan.cz\/wp-content\/uploads\/2021\/07\/IMG_4116-1-1536x1024.jpg 1536w\" sizes=\"(max-width: 2560px) 100vw, 2560px\" title=\"IMG_4116\" onerror=\"this.style.display='none'\"  \/>\n\t\t\t<a href=\"#vycvik-d\" target=\"_self\" rel=\"noopener\">\n\t\t\t\t\t\t\tJAK VYPAD\u00c1 V\u00ddCVIK?\n\t\t\t\t\t<\/a>\n<h2>\n\t\tAUTOBUS &#8211; \u0158IDI\u010cSK\u00dd PR\u016eKAZ D\n\t<\/h2>\n\t<p>Bude\u0161 moci \u0159\u00eddit vozidla s v\u00edce ne\u017e 8 m\u00edsty k sezen\u00ed<\/p>\n\t\t<h3>PRO\u010c AUTO\u0160KOLA K\u0158I\u0160\u0164AN?<\/h3><p>1. individu\u00e1ln\u00ed p\u0159\u00edstup,<\/p>\n<p>2. kvalitn\u00ed vozidla,<\/p>\n<p>3. mo\u017enosti konzultace,<\/p>\n<p>4. p\u0159es 25 let tradice<\/p>\n\t\t<h3>PODM\u00cdNKY UD\u011aLEN\u00cd<\/h3><p>1. v\u011bk 24 let,<\/p>\n<p>2. \u0159idi\u010dsk\u00fd pr\u016fkaz skupiny C (B),<\/p>\n<p>3. zdravotn\u00ed zp\u016fsobilost,<\/p>\n<p>4. platn\u00e1 \u017e\u00e1dost o \u0159idi\u010dsk\u00e9 opr\u00e1vn\u011bn\u00ed,<\/p>\n<p>5. obvykl\u00e9 bydli\u0161t\u011b na \u00fazem\u00ed \u010cesk\u00e9 republiky nebo studium v \u010cR alespo\u0148 6 m\u011bs\u00edc\u016f<\/p>\n\t<a href=\"\/kladno\/online-prihlaska\/\" target=\"_self\" role=\"button\" aria-label=\"OBJEDNAT\" rel=\"noopener\">\n\t\t\t\t\t\tOBJEDNAT\n\t\t\t<\/a>\n\t\t<h3>V\u011aKOV\u00c1 V\u00ddJIMKA<\/h3><p><strong>\u0158idi\u010dsk\u00e9 opr\u00e1vn\u011bn\u00ed pro skupinu D lze ud\u011blit rovn\u011b\u017e osob\u011b, kter\u00e1 dos\u00e1hla v\u011bku 21 let, p\u0159i\u010dem\u017e obecn\u00ed \u00fa\u0159ad obce s roz\u0161\u00ed\u0159enou p\u016fsobnost\u00ed omez\u00ed \u0159idi\u010dsk\u00e9 opr\u00e1vn\u011bn\u00ed do dosa\u017een\u00ed v\u011bku 24 let pouze k \u0159\u00edzen\u00ed vozidel:<\/strong><\/p>\n<p>a) Ministerstva vnitra pou\u017e\u00edvan\u00fdch polici\u00ed,<\/p>\n<p>b) V\u011bze\u0148sk\u00e9 slu\u017eby \u010cesk\u00e9 republiky,<\/p>\n<p>c) ozbrojen\u00fdch sil \u010cesk\u00e9 republiky,<\/p>\n<p>d) obecn\u00ed policie,<\/p>\n<p>e) Hasi\u010dsk\u00e9ho z\u00e1chrann\u00e9ho sboru \u010cesk\u00e9 republiky a jednotek po\u017e\u00e1rn\u00ed ochrany,<\/p>\n<p>f) celn\u00edch org\u00e1n\u016f,<\/p>\n<p>g) p\u0159i zku\u0161ebn\u00ed j\u00edzd\u011b v souvislosti s jejich opravou nebo \u00fadr\u017ebou.<\/p>\n<h4>\n\t\tJAK V\u00ddCVIK VYPAD\u00c1?\n\t<\/h4>\n\t\t\t\tD\u00c9LKA V\u00ddCVIKU\n\t\t\t\t\tV sou\u010dan\u00e9 dob\u011b m\u016f\u017ee b\u00fdt do v\u00fdcviku p\u0159ijat i uchaze\u010d, kter\u00fd vlastn\u00ed pouze \u0158P skupiny B, ale z\u00e1m\u011brn\u011b zde tuto mo\u017enost uv\u00e1d\u00edme jen okrajov\u011b, proto\u017ee s nejv\u011bt\u0161\u00ed pravd\u011bpodobnost\u00ed bude v p\u0159\u00ed\u0161t\u00ed z\u00e1konn\u00e9 \u00faprav\u011b zru\u0161ena.\nVzhledem k tomu, \u017ee se jedn\u00e1 o dr\u017eitele \u0158P skup. C, v\u00fduku je mo\u017en\u00e9 zvl\u00e1dnout za p\u0159ibli\u017en\u011b dva m\u011bs\u00edce. Jedna vyu\u010dovac\u00ed hodina trv\u00e1 45 minut.\nUchaze\u010d se objedn\u00e1v\u00e1 na j\u00edzdn\u00ed hodiny dle sv\u00fdch \u010dasov\u00fdch mo\u017enost\u00ed, m\u016f\u017ee absolvovat nejv\u00fd\u0161e dv\u011b praktick\u00e9 hodiny denn\u011b.\n\t\t\t\t20 HODIN PRAXE\n<p><strong>14<\/strong> hodin: v\u00fdcvik v\u00a0\u0159\u00edzen\u00ed vozidla (3\u00a0etapy)<\/p>\n<p><strong>2<\/strong> hodiny: v\u00fdcvik praktick\u00e9 \u00fadr\u017eby<\/p>\n<p><strong>4<\/strong>\u00a0hodiny: praktick\u00fd v\u00fdcvik zdravotnick\u00e9 p\u0159\u00edpravy<\/p>\n\u00a0\n\t\t\t\t38 HODIN TEORIE\n<p><strong>10<\/strong>\u00a0hodin: v\u00fduka p\u0159edpis\u016f o\u00a0provozu vozidel<\/p>\n<p><strong>12<\/strong>\u00a0hodin: v\u00fduka o\u00a0ovl\u00e1d\u00e1n\u00ed a \u00fadr\u017eb\u011b vozidla<\/p>\n<p><strong>10<\/strong>\u00a0hodin: v\u00fduku teorie \u0159\u00edzen\u00ed a z\u00e1sad bezpe\u010dn\u00e9 j\u00edzdy<\/p>\n<p><strong>2<\/strong>\u00a0hodiny: v\u00fduku zdravotnick\u00e9 p\u0159\u00edpravy<\/p>\n<p><strong>4<\/strong>\u00a0hodiny: opakov\u00e1n\u00ed a p\u0159ezkou\u0161en\u00ed<\/p>\n<p>mo\u017enost konzultac\u00ed\u00a0&#8211; pravideln\u011b ka\u017ed\u00e9 \u00fater\u00fd 14\u00a0&#8211; 18\u00a0hod.<\/p>\n\t\t\t\tZKOU\u0160KA\n<p>Z\u00e1v\u011bre\u010dn\u00e9 zkou\u0161ky se skl\u00e1daj\u00ed obvykle v s\u00eddle auto\u0161koly. Zkou\u0161ky se konaj\u00ed ka\u017ed\u00fd t\u00fdden, pravideln\u011b za\u010d\u00ednaj\u00ed v 7 hodin r\u00e1no. \u017dadatel mus\u00ed m\u00edt s sebou platn\u00fd ob\u010dansk\u00fd pr\u016fkaz a \u0158P skupiny C + magistr\u00e1tn\u00ed poplatek.<\/p>\n<p>Zkou\u0161ky jsou rozd\u011bleny do 3 \u010d\u00e1st\u00ed:<\/p>\n<ul>\n<li>zkou\u0161ka z p\u0159edpis\u016f o provozu na pozemn\u00edch komunikac\u00edch (1 test),<\/li>\n<li>zkou\u0161ka z praktick\u00e9 j\u00edzdy,<\/li>\n<li>zkou\u0161ka z ovl\u00e1d\u00e1n\u00ed a \u00fadr\u017eby vozidla (4 ot\u00e1zky).<\/li>\n<\/ul>\n<h4>\n\t\tSKV\u011aL\u00dd V\u00ddCVIK MUS\u00cd BAVIT\n\t<\/h4>\n<h2>\n\t\tTakto vypad\u00e1 pohodov\u00e1 auto\u0161kola\n\t<\/h2>\n\t\t\t\t<a\n\t\t\thref=\"https:\/\/www.autoskolakristan.cz\/wp-content\/uploads\/2021\/03\/IMG_5249-1-1024x768.jpg\"\n\t\t\t\t\t\tdata-fancybox=\"images\" \n\t\t\ttitle=\"IMG_5249\" \n\t\t\t\t\t\tdata-description=\"\" \n\t\t\titemprop=\"contentUrl\">\n\t\t\t<img loading=\"lazy\" decoding=\"async\" src=\"https:\/\/www.autoskolakristan.cz\/wp-content\/uploads\/2021\/03\/IMG_5249-1-1024x768.jpg\" alt=\"\" data-no-lazy=\"1\" itemprop=\"thumbnail\" width=\"1024\" height=\"768\" \/>\n\t\t\t<!-- Overlay Wrapper -->\n\t\t\t <!-- Overlay Wrapper Closed -->\n\t\t\t\t<\/a>\n\t\t\t\t\t\t\t<meta itemprop=\"width\" content=\"1024\" \/>\n\t\t\t<meta itemprop=\"height\" content=\"768\" \/>\n\t\t\t\t<a\n\t\t\thref=\"https:\/\/www.autoskolakristan.cz\/wp-content\/uploads\/2021\/03\/IMG_4120-1-1024x768.jpg\"\n\t\t\t\t\t\tdata-fancybox=\"images\" \n\t\t\ttitle=\"IMG_4120\" \n\t\t\t\t\t\tdata-description=\"\" \n\t\t\titemprop=\"contentUrl\">\n\t\t\t<img loading=\"lazy\" decoding=\"async\" src=\"https:\/\/www.autoskolakristan.cz\/wp-content\/uploads\/2021\/03\/IMG_4120-1-1024x768.jpg\" alt=\"\" data-no-lazy=\"1\" itemprop=\"thumbnail\" width=\"1024\" height=\"768\" \/>\n\t\t\t<!-- Overlay Wrapper -->\n\t\t\t <!-- Overlay Wrapper Closed -->\n\t\t\t\t<\/a>\n\t\t\t\t\t\t\t<meta itemprop=\"width\" content=\"1024\" \/>\n\t\t\t<meta itemprop=\"height\" content=\"768\" \/>\n\t\t\t\t<a\n\t\t\thref=\"https:\/\/www.autoskolakristan.cz\/wp-content\/uploads\/2020\/07\/car02.jpg\"\n\t\t\t\t\t\tdata-fancybox=\"images\" \n\t\t\ttitle=\"car02\" \n\t\t\t\t\t\tdata-description=\"\" \n\t\t\titemprop=\"contentUrl\">\n\t\t\t<img loading=\"lazy\" decoding=\"async\" src=\"https:\/\/www.autoskolakristan.cz\/wp-content\/uploads\/2020\/07\/car02.jpg\" alt=\"\" data-no-lazy=\"1\" itemprop=\"thumbnail\" width=\"768\" height=\"576\" \/>\n\t\t\t<!-- Overlay Wrapper -->\n\t\t\t <!-- Overlay Wrapper Closed -->\n\t\t\t\t<\/a>\n\t\t\t\t\t\t\t<meta itemprop=\"width\" content=\"768\" \/>\n\t\t\t<meta itemprop=\"height\" content=\"576\" \/>\n\t\t\t\t<a\n\t\t\thref=\"https:\/\/www.autoskolakristan.cz\/wp-content\/uploads\/2021\/03\/IMG_4282-1024x768.jpg\"\n\t\t\t\t\t\tdata-fancybox=\"images\" \n\t\t\ttitle=\"IMG_4282\" \n\t\t\t\t\t\tdata-description=\"\" \n\t\t\titemprop=\"contentUrl\">\n\t\t\t<img loading=\"lazy\" decoding=\"async\" src=\"https:\/\/www.autoskolakristan.cz\/wp-content\/uploads\/2021\/03\/IMG_4282-1024x768.jpg\" alt=\"\" data-no-lazy=\"1\" itemprop=\"thumbnail\" width=\"1024\" height=\"768\" \/>\n\t\t\t<!-- Overlay Wrapper -->\n\t\t\t <!-- Overlay Wrapper Closed -->\n\t\t\t\t<\/a>\n\t\t\t\t\t\t\t<meta itemprop=\"width\" content=\"1024\" \/>\n\t\t\t<meta itemprop=\"height\" content=\"768\" \/>\n\t\t\t\t<a\n\t\t\thref=\"https:\/\/www.autoskolakristan.cz\/wp-content\/uploads\/2021\/03\/daniela_pouzit-1024x768.jpg\"\n\t\t\t\t\t\tdata-fancybox=\"images\" \n\t\t\ttitle=\"daniela_pouzit\" \n\t\t\t\t\t\tdata-description=\"\" \n\t\t\titemprop=\"contentUrl\">\n\t\t\t<img loading=\"lazy\" decoding=\"async\" src=\"https:\/\/www.autoskolakristan.cz\/wp-content\/uploads\/2021\/03\/daniela_pouzit-1024x768.jpg\" alt=\"\" data-no-lazy=\"1\" itemprop=\"thumbnail\" width=\"1024\" height=\"768\" \/>\n\t\t\t<!-- Overlay Wrapper -->\n\t\t\t <!-- Overlay Wrapper Closed -->\n\t\t\t\t<\/a>\n\t\t\t\t\t\t\t<meta itemprop=\"width\" content=\"1024\" \/>\n\t\t\t<meta itemprop=\"height\" content=\"768\" \/>\n\t\t\t\t<a\n\t\t\thref=\"https:\/\/www.autoskolakristan.cz\/wp-content\/uploads\/2021\/03\/IMG_5677-1024x768.jpg\"\n\t\t\t\t\t\tdata-fancybox=\"images\" \n\t\t\ttitle=\"IMG_5677\" \n\t\t\t\t\t\tdata-description=\"\" \n\t\t\titemprop=\"contentUrl\">\n\t\t\t<img loading=\"lazy\" decoding=\"async\" src=\"https:\/\/www.autoskolakristan.cz\/wp-content\/uploads\/2021\/03\/IMG_5677-1024x768.jpg\" alt=\"\" data-no-lazy=\"1\" itemprop=\"thumbnail\" width=\"1024\" height=\"768\" \/>\n\t\t\t<!-- Overlay Wrapper -->\n\t\t\t <!-- Overlay Wrapper Closed -->\n\t\t\t\t<\/a>\n\t\t\t\t\t\t\t<meta itemprop=\"width\" content=\"1024\" \/>\n\t\t\t<meta itemprop=\"height\" content=\"768\" \/>\n\t\t\t\t<a\n\t\t\thref=\"https:\/\/www.autoskolakristan.cz\/wp-content\/uploads\/2021\/03\/IMG_6369-1024x768.jpg\"\n\t\t\t\t\t\tdata-fancybox=\"images\" \n\t\t\ttitle=\"IMG_6369\" \n\t\t\t\t\t\tdata-description=\"\" \n\t\t\titemprop=\"contentUrl\">\n\t\t\t<img loading=\"lazy\" decoding=\"async\" src=\"https:\/\/www.autoskolakristan.cz\/wp-content\/uploads\/2021\/03\/IMG_6369-1024x768.jpg\" alt=\"\" data-no-lazy=\"1\" itemprop=\"thumbnail\" width=\"1024\" height=\"768\" \/>\n\t\t\t<!-- Overlay Wrapper -->\n\t\t\t <!-- Overlay Wrapper Closed -->\n\t\t\t\t<\/a>\n\t\t\t\t\t\t\t<meta itemprop=\"width\" content=\"1024\" \/>\n\t\t\t<meta itemprop=\"height\" content=\"768\" \/>\n\t\t\t\t<a\n\t\t\thref=\"https:\/\/www.autoskolakristan.cz\/wp-content\/uploads\/2021\/03\/IMG_4387-1024x768.jpg\"\n\t\t\t\t\t\tdata-fancybox=\"images\" \n\t\t\ttitle=\"IMG_4387\" \n\t\t\t\t\t\tdata-description=\"\" \n\t\t\titemprop=\"contentUrl\">\n\t\t\t<img loading=\"lazy\" decoding=\"async\" src=\"https:\/\/www.autoskolakristan.cz\/wp-content\/uploads\/2021\/03\/IMG_4387-1024x768.jpg\" alt=\"\" data-no-lazy=\"1\" itemprop=\"thumbnail\" width=\"1024\" height=\"768\" \/>\n\t\t\t<!-- Overlay Wrapper -->\n\t\t\t <!-- Overlay Wrapper Closed -->\n\t\t\t\t<\/a>\n\t\t\t\t\t\t\t<meta itemprop=\"width\" content=\"1024\" \/>\n\t\t\t<meta itemprop=\"height\" content=\"768\" \/>\n\t\t\t\t<a href=\"#\">Dal\u0161\u00ed obr\u00e1zky<\/a>\n\t<a href=\"\/kladno\/osobni-automobil\/\" target=\"_self\" role=\"button\" aria-label=\"OSOBN\u00cd AUTOMOBIL\" rel=\"noopener\">\n\t\t\t\t\t\tOSOBN\u00cd AUTOMOBIL\n\t\t\t\t\t<\/a>\n\t<a href=\"#kral-silnic\" target=\"_self\" role=\"button\" aria-label=\"OSTATN\u00cd\" rel=\"noopener\">\n\t\t\t\t\t\tOSTATN\u00cd\n\t\t\t\t\t<\/a>\n\t<p>Osobn\u00ed auto s n\u00e1mi ovl\u00e1dne\u0161 naprosto skv\u011ble a z\u00edsk\u00e1\u0161 p\u0159i tom \u0159idi\u010dsk\u00e9 opr\u00e1vn\u011bn\u00ed skupiny B, kter\u00e9 ti umo\u017en\u00ed jezdit auty po cel\u00e9m sv\u011bt\u011b.<\/p>\n<p>Samoz\u0159ejm\u011b stejn\u011b skv\u011ble u\u010d\u00edme \u0159\u00edzen\u00ed v\u011bt\u0161\u00edch vozidel jako je n\u00e1kladn\u00ed v\u016fz (C), autobus (D) a k nim i p\u0159\u00edv\u011bs (E). A pokud t\u011b l\u00e1k\u00e1 dravost motorky, tak nev\u00e1hej a nau\u010d se ji osedlat u n\u00e1s!<\/p>\n\t\t<h4>\n\t\t\tModal Box\n\t\t\t\t\t<\/h4>\n\t\t<h5>modal-<\/h5>\n\t\tClick here to edit the &#8222;modal-box&#8220; settings. This text is only for editing and will not appear after you publish the changes.\t\n\t\t\t\t\t\tPreview\n\t\t\tmodal-\n\t\t\t\t\t\t\t\t\t<img loading=\"lazy\" decoding=\"async\" src=\"https:\/\/www.autoskolakristan.cz\/wp-content\/uploads\/2021\/01\/kristan_logo_header.png\" alt=\"kristan_logo_header\" itemprop=\"image\" height=\"280\" width=\"280\" srcset=\"https:\/\/www.autoskolakristan.cz\/wp-content\/uploads\/2021\/01\/kristan_logo_header.png 280w, https:\/\/www.autoskolakristan.cz\/wp-content\/uploads\/2021\/01\/kristan_logo_header-150x150.png 150w, https:\/\/www.autoskolakristan.cz\/wp-content\/uploads\/2021\/01\/kristan_logo_header-12x12.png 12w\" sizes=\"auto, (max-width: 280px) 100vw, 280px\" title=\"kristan_logo_header\" onerror=\"this.style.display='none'\"  \/>\n\t\t<h1>\n\t\tNOV\u011a \u0158IDI\u010c\u00c1K JI\u017d OD 17 LET!\n\t<\/h1>\n\t<p>Od ledna 2024 m\u016f\u017eete slo\u017eit z\u00e1v\u011bre\u010dnou zkou\u0161ku a z\u00edskat \u0159idi\u010dsk\u00e9 opr\u00e1vn\u011bn\u00ed ode dne dovr\u0161en\u00ed 17. roku v tzv. re\u017eimu L17. V\u00fdcvik prob\u00edh\u00e1 ve stejn\u00e9 podob\u011b a cen\u011b jako klasick\u00fd v\u00fdcvik pro skupinu B &#8211; osobn\u00ed automobil.<\/p>\n<p><strong>P\u0159ihlaste se na v\u00fdcvik je\u0161t\u011b dnes!<\/strong><\/p>\n<p>&nbsp;<\/p>\n<p>\u0158idi\u010di ve v\u011bku do 18 let mohou jezdit pouze pod dohledem mentora &#8211; zku\u0161en\u00e9ho \u0159idi\u010de.<\/p>\n<p>P\u0159ipravujeme standardizovan\u00e9 \u0161kolen\u00ed i individu\u00e1ln\u00ed v\u00fdcvik mentor\u016f. Zavolejte n\u00e1m a domluv\u00edme se na term\u00ednu.<\/p>\n\t\t\t\t\t\t\t\t<a href=\"\/ridicsky-prukaz\/#cenik\" target=\"_self\" itemprop=\"url\" rel=\"noopener\">\n\t\t\t\t\t\t\t\t\t<img loading=\"lazy\" decoding=\"async\" src=\"https:\/\/www.autoskolakristan.cz\/wp-content\/uploads\/2023\/11\/l17.png\" alt=\"l17\" itemprop=\"image\" height=\"493\" width=\"495\" srcset=\"https:\/\/www.autoskolakristan.cz\/wp-content\/uploads\/2023\/11\/l17.png 495w, https:\/\/www.autoskolakristan.cz\/wp-content\/uploads\/2023\/11\/l17-300x300.png 300w, https:\/\/www.autoskolakristan.cz\/wp-content\/uploads\/2023\/11\/l17-150x150.png 150w, https:\/\/www.autoskolakristan.cz\/wp-content\/uploads\/2023\/11\/l17-12x12.png 12w\" sizes=\"auto, (max-width: 495px) 100vw, 495px\" title=\"l17\" onerror=\"this.style.display='none'\"  \/>\n\t\t\t\t\t\t\t\t\t\t\t\t\t<\/a>\n\t<a href=\"https:\/\/www.autoskolakristan.cz\/cz\/praha\/darovat-autoskolu\/\" target=\"_self\" role=\"button\" aria-label=\"OSOBN\u00cd AUTOMOBIL\" rel=\"noopener\">\n\t\t\t\t\t\tOSOBN\u00cd AUTOMOBIL\n\t\t\t\t\t<\/a>\n\t<a href=\"https:\/\/www.autoskolakristan.cz\/cz\/praha\/online-prihlaska\/\" target=\"_self\" role=\"button\" aria-label=\"OBJEDNAT\" rel=\"noopener\">\n\t\t\t\t\t\tOBJEDNAT\n\t\t\t\t\t<\/a>\n                        <img decoding=\"async\" src=\"https:\/\/www.autoskolakristan.cz\/wp-content\/uploads\/bb-plugin\/cache\/Dewi_testimonial-square.jpg\" alt=\"Dewi_testimonial\" itemprop=\"image\" title=\"Dewi_testimonial\"  \/>\n\t\t                    <h4>Dewi<\/h4>\n                \t\t        \t\t        \t<p>I was a bit afraid of a driving school, but autoskola Kristan taught me everything and now I&#8217;m a confident driver. I can fully recommend this driving school.<\/p>\n                        <img loading=\"lazy\" decoding=\"async\" src=\"https:\/\/www.autoskolakristan.cz\/wp-content\/uploads\/bb-plugin\/cache\/testimonial02-square.png\" alt=\"testimonial02\" itemprop=\"image\" height=\"333\" width=\"318\" title=\"testimonial02\"  \/>\n\t\t                    <h4>Kristi\u00e1n<\/h4>\n                \t\t        \t\t        \t<p>Hledal jsem auto\u0161kolu, kde se toho nau\u010d\u00edm, co nejv\u00edce a projedu co nejhust\u0161\u00edm provozem. Auto\u0161kola K\u0159i\u0161\u0165an mi to splnila a j\u00e1 jsem maxim\u00e1ln\u011b spokojen!<\/p>\n\t\t<h2>\n\t\t\tNA\u0160I SPOKOJEN\u00cd \u017d\u00c1CI\n\t\t<\/h2>\n\t\t\t<p>P\u0159e\u010dt\u011bte si, jak n\u00e1s vid\u00ed na\u0161i absolventi, co jim v\u00fdcvik u n\u00e1s p\u0159inesl a jak\u00e9 obavy p\u0159ekonali.<\/p>\t\t\n\t\t<h2>\n\t\t\tROZJEDEME TO?\n\t\t<\/h2>\n\t\t\t<p>Z\u00edskej \u0159idi\u010d\u00e1k a zku\u0161enosti najednou. P\u0159ipoj se ke stovk\u00e1m nad\u0161en\u00fdch \u0159idi\u010d\u016f!<\/p>\t\t\n\t<a href=\"\/kladno\/online-prihlaska\/\" target=\"_self\" role=\"button\" aria-label=\"ONLINE P\u0158IHL\u00c1\u0160KA\" rel=\"noopener\">\n\t\t\t\t\t\tONLINE P\u0158IHL\u00c1\u0160KA\n\t\t\t<\/a>\n\t<p>D\u00edky online p\u0159ihl\u00e1\u0161ce se m\u016f\u017eete na kurz p\u0159ihl\u00e1sit, nebo jej objednat jako d\u00e1rek n\u011bkomu z Va\u0161ich bl\u00edzk\u00fdch.<\/p>\n\n","protected":false},"excerpt":{"rendered":"<p>AUTOBUS KLADNO Nen\u00ed auto\u0161kola jako auto\u0161kola \u0158IDI\u010cSK\u00dd PR\u016eKAZ SKUPINY D Autobus \u0158idi\u010dsk\u00fd pr\u016fkaz skupiny D oprav\u0148uje k \u0159\u00edzen\u00ed motorov\u00fdch vozidel pro p\u0159epravu osob, kter\u00e1 maj\u00ed v\u00edce ne\u017e 8 m\u00edst k sezen\u00ed, krom\u011b m\u00edsta \u0159idi\u010de. K tomuto motorov\u00e9mu vozidlu sm\u00ed b\u00fdt p\u0159ipojeno p\u0159\u00edpojn\u00e9 vozidlo, jeho\u017e maxim\u00e1ln\u00ed p\u0159\u00edpustn\u00e1 hmotnost nep\u0159evy\u0161uje 750 kg. JAK VYPAD\u00c1 V\u00ddCVIK? AUTOBUS &#8211;&hellip;<\/p>\n","protected":false},"author":3,"featured_media":0,"parent":2198,"menu_order":9,"comment_status":"closed","ping_status":"closed","template":"","meta":{"footnotes":""},"class_list":["post-2251","page","type-page","status-publish","hentry"],"_links":{"self":[{"href":"https:\/\/www.autoskolakristan.cz\/cz\/wp-json\/wp\/v2\/pages\/2251","targetHints":{"allow":["GET"]}}],"collection":[{"href":"https:\/\/www.autoskolakristan.cz\/cz\/wp-json\/wp\/v2\/pages"}],"about":[{"href":"https:\/\/www.autoskolakristan.cz\/cz\/wp-json\/wp\/v2\/types\/page"}],"author":[{"embeddable":true,"href":"https:\/\/www.autoskolakristan.cz\/cz\/wp-json\/wp\/v2\/users\/3"}],"replies":[{"embeddable":true,"href":"https:\/\/www.autoskolakristan.cz\/cz\/wp-json\/wp\/v2\/comments?post=2251"}],"version-history":[{"count":5,"href":"https:\/\/www.autoskolakristan.cz\/cz\/wp-json\/wp\/v2\/pages\/2251\/revisions"}],"predecessor-version":[{"id":2306,"href":"https:\/\/www.autoskolakristan.cz\/cz\/wp-json\/wp\/v2\/pages\/2251\/revisions\/2306"}],"up":[{"embeddable":true,"href":"https:\/\/www.autoskolakristan.cz\/cz\/wp-json\/wp\/v2\/pages\/2198"}],"wp:attachment":[{"href":"https:\/\/www.autoskolakristan.cz\/cz\/wp-json\/wp\/v2\/media?parent=2251"}],"curies":[{"name":"wp","href":"https:\/\/api.w.org\/{rel}","templated":true}]}}